{"id":24,"date":"2022-05-24T20:31:20","date_gmt":"2022-05-24T18:31:20","guid":{"rendered":"http:\/\/www.torun.kik.opoka.org.pl\/blog\/?page_id=24"},"modified":"2022-05-24T20:39:42","modified_gmt":"2022-05-24T18:39:42","slug":"wigilia-dla-samotnych","status":"publish","type":"page","link":"https:\/\/www.torun.kik.opoka.org.pl\/?page_id=24","title":{"rendered":"Wigilia dla samotnych"},"content":{"rendered":"\n<main id=\"wigilia-main\">\n                  \n\n                    <div id=\"wigilia-flex\">\n                        <img decoding=\"async\" src=\"http:\/\/www.torun.kik.opoka.org.pl\/\/wp-content\/uploads\/2022\/05\/wigilia-scaled.jpg\" id=\"wigilia-img\" alt=\"Wigilia dla samotnych\">\n\n                        <p>\n                            Od kilku lat ojcowie jezuici goszcz\u0105 osoby samotne lub bezdomne na Wigilii dla \n                            Samotnych. Siadamy razem przy stole, dzielimy si\u0119 op\u0142atkiem, wsp\u00f3lnie \u015bpiewamy \n                            kol\u0119dy. Puste miejsce przy stole to zaproszenie dla Ciebie. Mo\u017cesz podzieli\u0107 si\u0119 \n                            potraw\u0105, kt\u00f3r\u0105 przygotowujesz dla swoich bliskich, mo\u017cesz podarowa\u0107 sw\u00f3j czas, \n                            przywo\u017c\u0105c niepe\u0142nosprawnego s\u0105siada, mo\u017cesz zagra\u0107 i za\u015bpiewa\u0107 kol\u0119dy. Wolontariusze \n                            mile widziani.\n                        <\/p>\n\n                        <p id=\"wigilia-contact\">Kontakt : 698 467 113<\/p>\n                    <\/div>\n\n                <\/main>\n","protected":false},"excerpt":{"rendered":"<p>Od kilku lat ojcowie jezuici goszcz\u0105 osoby samotne lub bezdomne na Wigilii dla Samotnych. Siadamy razem przy stole, dzielimy si\u0119 op\u0142atkiem, wsp\u00f3lnie \u015bpiewamy kol\u0119dy. Puste miejsce przy stole to zaproszenie dla Ciebie. Mo\u017cesz podzieli\u0107 si\u0119 potraw\u0105, kt\u00f3r\u0105 przygotowujesz dla swoich bliskich, mo\u017cesz podarowa\u0107 sw\u00f3j czas, przywo\u017c\u0105c niepe\u0142nosprawnego s\u0105siada, mo\u017cesz zagra\u0107 i za\u015bpiewa\u0107 kol\u0119dy. Wolontariusze mile [&hellip;]<\/p>\n","protected":false},"author":1,"featured_media":1029,"parent":0,"menu_order":0,"comment_status":"closed","ping_status":"closed","template":"","meta":{"_acf_changed":false,"footnotes":""},"class_list":["post-24","page","type-page","status-publish","has-post-thumbnail","hentry"],"acf":[],"_links":{"self":[{"href":"https:\/\/www.torun.kik.opoka.org.pl\/index.php?rest_route=\/wp\/v2\/pages\/24","targetHints":{"allow":["GET"]}}],"collection":[{"href":"https:\/\/www.torun.kik.opoka.org.pl\/index.php?rest_route=\/wp\/v2\/pages"}],"about":[{"href":"https:\/\/www.torun.kik.opoka.org.pl\/index.php?rest_route=\/wp\/v2\/types\/page"}],"author":[{"embeddable":true,"href":"https:\/\/www.torun.kik.opoka.org.pl\/index.php?rest_route=\/wp\/v2\/users\/1"}],"replies":[{"embeddable":true,"href":"https:\/\/www.torun.kik.opoka.org.pl\/index.php?rest_route=%2Fwp%2Fv2%2Fcomments&post=24"}],"version-history":[{"count":2,"href":"https:\/\/www.torun.kik.opoka.org.pl\/index.php?rest_route=\/wp\/v2\/pages\/24\/revisions"}],"predecessor-version":[{"id":47,"href":"https:\/\/www.torun.kik.opoka.org.pl\/index.php?rest_route=\/wp\/v2\/pages\/24\/revisions\/47"}],"wp:featuredmedia":[{"embeddable":true,"href":"https:\/\/www.torun.kik.opoka.org.pl\/index.php?rest_route=\/wp\/v2\/media\/1029"}],"wp:attachment":[{"href":"https:\/\/www.torun.kik.opoka.org.pl\/index.php?rest_route=%2Fwp%2Fv2%2Fmedia&parent=24"}],"curies":[{"name":"wp","href":"https:\/\/api.w.org\/{rel}","templated":true}]}}